{"id":4353,"date":"2026-04-27T11:37:56","date_gmt":"2026-04-27T09:37:56","guid":{"rendered":"https:\/\/karriere.brand-group.com\/?post_type=jobs&#038;p=4353"},"modified":"2026-04-27T11:37:58","modified_gmt":"2026-04-27T09:37:58","slug":"jefe-de-ventas-componentes-tecnicos-m-f-d-en-anroechte-cerca-de-lippstadt","status":"publish","type":"jobs","link":"https:\/\/karriere.brand-group.com\/es\/anuncios-de-empleo\/jefe-de-ventas-componentes-tecnicos-m-f-d-en-anroechte-cerca-de-lippstadt\/","title":{"rendered":"DIRECTOR DE VENTAS - Componentes t\u00e9cnicos (h\/m\/d) en Anr\u00f6chte, cerca de Lippstadt"},"content":{"rendered":"<p>The brandgroup es una empresa familiar de tama\u00f1o medio en expansi\u00f3n internacional. Estamos especializados en el desarrollo y la fabricaci\u00f3n de muelles t\u00e9cnicos y piezas de alambre curvado. Nuestros muelles aportan una importante contribuci\u00f3n a la industria de suministros para autom\u00f3viles, la industria de puertas, la industria de electrodom\u00e9sticos y las industrias ferroviaria y aeron\u00e1utica. Nuestros clientes valoran desde hace d\u00e9cadas nuestra fuerza innovadora, nuestra experiencia y nuestra fiabilidad, que recientemente hemos demostrado tambi\u00e9n en los campos de la tecnolog\u00eda m\u00e9dica y los actuadores.<\/p>\n\n\n\n<p>Como parte de nuestra reorientaci\u00f3n estrat\u00e9gica, estamos buscando la pr\u00f3xima fecha posible para un <strong>Jefe de ventas - Componentes t\u00e9cnicos (h\/m\/d)<\/strong> en nuestra sede de Anr\u00f6chte que desee contribuir activamente a forjar el futuro de nuestra empresa en este puesto de responsabilidad:<\/p>\n\n\n\n<p><strong>Asume tu responsabilidad:<\/strong><strong><\/strong><\/p>\n\n\n\n<p>- La captaci\u00f3n de nuevos clientes dentro y fuera de su pa\u00eds, as\u00ed como la identificaci\u00f3n de nuevos potenciales de venta con sus clientes actuales, constituyen una parte fundamental de su trabajo. <\/p>\n\n\n\n<p>- Analizar\u00e1 las necesidades de los clientes, proporcionar\u00e1 asesoramiento experto y desarrollar\u00e1 soluciones individuales para los clientes junto con los departamentos especializados pertinentes.<\/p>\n\n\n\n<p>- Dirigir\u00e1 las negociaciones contractuales y definir\u00e1 activamente el contenido de los contratos.<\/p>\n\n\n\n<p>- Acompa\u00f1ar\u00e1 los proyectos adquiridos de sus clientes en la ejecuci\u00f3n interna y supervisar\u00e1 los proyectos de forma continua.<\/p>\n\n\n\n<p>- Mantener siempre una visi\u00f3n general de la evoluci\u00f3n del mercado y de la competencia y deducir estrategias de ventas a partir de ellos.<\/p>\n\n\n\n<p><strong>Habilidades que convencen:<\/strong><\/p>\n\n\n\n<p> - Lo ideal es que sea licenciado en ingenier\u00eda industrial, administraci\u00f3n de empresas o una especializaci\u00f3n comparable. <\/p>\n\n\n\n<p>- Posee varios a\u00f1os de experiencia profesional en ventas t\u00e9cnicas, idealmente en la industria de suministros para la automoci\u00f3n.<\/p>\n\n\n\n<p>- Tiene experiencia en la gesti\u00f3n de proyectos y en impulsarlos de forma orientada a la b\u00fasqueda de soluciones.<\/p>\n\n\n\n<p>- Utiliza su gran capacidad de comunicaci\u00f3n y determinaci\u00f3n con confianza en las negociaciones con los clientes.<\/p>\n\n\n\n<p>- Est\u00e1 dispuesto a viajar al extranjero, por lo que un ingl\u00e9s fluido y una actitud segura en un entorno internacional completan su perfil.<\/p>\n\n\n\n<p><strong>Ofrecemos:<\/strong><strong><\/strong><\/p>\n\n\n\n<p>- Un trabajo seguro en una empresa familiar tradicional<\/p>\n\n\n\n<p>- Opciones de dise\u00f1o hol\u00edstico e influencia directa en el \u00e9xito de la empresa<\/p>\n\n\n\n<p>- Un salario atractivo acorde con el convenio colectivo de la industria metal\u00fargica y el\u00e9ctrica, incluidas las primas de vacaciones y Navidad, as\u00ed como otras prestaciones adicionales previstas en el convenio colectivo.<\/p>\n\n\n\n<p>- Un plus de conciliaci\u00f3n: uso privado del coche de empresa para que sigas siendo flexible tambi\u00e9n en tu tiempo libre.<\/p>\n\n\n\n<p>- Oportunidades individuales de formaci\u00f3n y desarrollo<\/p>\n\n\n\n<p>- Alquiler de bicicletas para empresas<\/p>\n\n\n\n<p>- Horario de trabajo flexible<\/p>\n\n\n\n<p>Referenznummer: BGD-ZS-VM-ANR-20260423-10<\/p>\n\n\n\n<p>Env\u00ede su solicitud completa con sus expectativas salariales a<br>y su disponibilidad: <strong>bewerbung@brand-group.com<\/strong><\/p>\n\n\n\n<p>El equipo brandgroup espera recibir su solicitud<\/p>","protected":false},"excerpt":{"rendered":"<p>The brandgroup es una empresa familiar de tama\u00f1o medio en expansi\u00f3n internacional. Estamos especializados en el desarrollo y la fabricaci\u00f3n de muelles t\u00e9cnicos y piezas de alambre curvado. Nuestros muelles aportan una importante contribuci\u00f3n a la industria de suministro de autom\u00f3viles, la industria de puertas, la industria de electrodom\u00e9sticos, as\u00ed como a la industria ferroviaria y ...<\/p>\n<p class=\"read-more\"> <a class=\"more-link\" href=\"https:\/\/karriere.brand-group.com\/es\/anuncios-de-empleo\/jefe-de-ventas-componentes-tecnicos-m-f-d-en-anroechte-cerca-de-lippstadt\/\"> <span class=\"screen-reader-text\">DIRECTOR DE VENTAS - Componentes t\u00e9cnicos (h\/m\/d) en Anr\u00f6chte, cerca de Lippstadt<\/span> Vaciar m\u00e1s \"<\/a><\/p>","protected":false},"featured_media":0,"menu_order":0,"template":"","format":"standard","meta":{"footnotes":""},"categories":[],"standort":[],"class_list":["post-4353","jobs","type-jobs","status-publish","format-standard","hentry"],"yoast_head":"<!-- This site is optimized with the Yoast SEO plugin v26.5 - https:\/\/yoast.com\/wordpress\/plugins\/seo\/ -->\n<title>SALES MANAGER \u2013 Technical Components (m\/w\/d) in Anr\u00f6chte bei Lippstadt - brandgroup<\/title>\n<meta name=\"robots\" content=\"index, follow, max-snippet:-1, max-image-preview:large, max-video-preview:-1\" \/>\n<link rel=\"canonical\" href=\"https:\/\/karriere.brand-group.com\/es\/anuncios-de-empleo\/jefe-de-ventas-componentes-tecnicos-m-f-d-en-anroechte-cerca-de-lippstadt\/\" \/>\n<meta property=\"og:locale\" content=\"es_ES\" \/>\n<meta property=\"og:type\" content=\"article\" \/>\n<meta property=\"og:title\" content=\"SALES MANAGER \u2013 Technical Components (m\/w\/d) in Anr\u00f6chte bei Lippstadt - brandgroup\" \/>\n<meta property=\"og:description\" content=\"Die brandgroup ist ein mittelst\u00e4ndisches, international expandierendes Familienunternehmen. Wir sind Spezialist f\u00fcr die Entwicklung und Herstellung von technischen Federn und Drahtbiegeteilen. Einen wichtigen Beitrag leisten unsere Federn in der Automobilzulieferindustrie, der Torindustrie, der Wei\u00dfger\u00e4teindustrie, sowie in der Bahn- und der &hellip; SALES MANAGER \u2013 Technical Components (m\/w\/d) in Anr\u00f6chte bei Lippstadt Leer m\u00e1s \u00bb\" \/>\n<meta property=\"og:url\" content=\"https:\/\/karriere.brand-group.com\/es\/anuncios-de-empleo\/jefe-de-ventas-componentes-tecnicos-m-f-d-en-anroechte-cerca-de-lippstadt\/\" \/>\n<meta property=\"og:site_name\" content=\"brandgroup\" \/>\n<meta property=\"article:modified_time\" content=\"2026-04-27T09:37:58+00:00\" \/>\n<meta name=\"twitter:card\" content=\"summary_large_image\" \/>\n<meta name=\"twitter:label1\" content=\"Tiempo de lectura\" \/>\n\t<meta name=\"twitter:data1\" content=\"2 minutos\" \/>\n<script type=\"application\/ld+json\" class=\"yoast-schema-graph\">{\"@context\":\"https:\/\/schema.org\",\"@graph\":[{\"@type\":\"WebPage\",\"@id\":\"https:\/\/karriere.brand-group.com\/jobs\/sales-manager-technical-components-m-w-d-in-anroechte-bei-lippstadt\/\",\"url\":\"https:\/\/karriere.brand-group.com\/jobs\/sales-manager-technical-components-m-w-d-in-anroechte-bei-lippstadt\/\",\"name\":\"SALES MANAGER \u2013 Technical Components (m\/w\/d) in Anr\u00f6chte bei Lippstadt - brandgroup\",\"isPartOf\":{\"@id\":\"https:\/\/karriere.brand-group.com\/#website\"},\"datePublished\":\"2026-04-27T09:37:56+00:00\",\"dateModified\":\"2026-04-27T09:37:58+00:00\",\"breadcrumb\":{\"@id\":\"https:\/\/karriere.brand-group.com\/jobs\/sales-manager-technical-components-m-w-d-in-anroechte-bei-lippstadt\/#breadcrumb\"},\"inLanguage\":\"es\",\"potentialAction\":[{\"@type\":\"ReadAction\",\"target\":[\"https:\/\/karriere.brand-group.com\/jobs\/sales-manager-technical-components-m-w-d-in-anroechte-bei-lippstadt\/\"]}]},{\"@type\":\"BreadcrumbList\",\"@id\":\"https:\/\/karriere.brand-group.com\/jobs\/sales-manager-technical-components-m-w-d-in-anroechte-bei-lippstadt\/#breadcrumb\",\"itemListElement\":[{\"@type\":\"ListItem\",\"position\":1,\"name\":\"Startseite\",\"item\":\"https:\/\/karriere.brand-group.com\/\"},{\"@type\":\"ListItem\",\"position\":2,\"name\":\"Jobs\",\"item\":\"https:\/\/karriere.brand-group.com\/stellenanzeigen\/\"},{\"@type\":\"ListItem\",\"position\":3,\"name\":\"SALES MANAGER \u2013 Technical Components (m\/w\/d) in Anr\u00f6chte bei Lippstadt\"}]},{\"@type\":\"WebSite\",\"@id\":\"https:\/\/karriere.brand-group.com\/#website\",\"url\":\"https:\/\/karriere.brand-group.com\/\",\"name\":\"brandgroup\",\"description\":\"\",\"publisher\":{\"@id\":\"https:\/\/karriere.brand-group.com\/#organization\"},\"potentialAction\":[{\"@type\":\"SearchAction\",\"target\":{\"@type\":\"EntryPoint\",\"urlTemplate\":\"https:\/\/karriere.brand-group.com\/?s={search_term_string}\"},\"query-input\":{\"@type\":\"PropertyValueSpecification\",\"valueRequired\":true,\"valueName\":\"search_term_string\"}}],\"inLanguage\":\"es\"},{\"@type\":\"Organization\",\"@id\":\"https:\/\/karriere.brand-group.com\/#organization\",\"name\":\"brandgroup\",\"url\":\"https:\/\/karriere.brand-group.com\/\",\"logo\":{\"@type\":\"ImageObject\",\"inLanguage\":\"es\",\"@id\":\"https:\/\/karriere.brand-group.com\/#\/schema\/logo\/image\/\",\"url\":\"https:\/\/karriere.brand-group.com\/wp-content\/uploads\/2020\/11\/bg_logo_whitegray_rgb.png\",\"contentUrl\":\"https:\/\/karriere.brand-group.com\/wp-content\/uploads\/2020\/11\/bg_logo_whitegray_rgb.png\",\"width\":126,\"height\":32,\"caption\":\"brandgroup\"},\"image\":{\"@id\":\"https:\/\/karriere.brand-group.com\/#\/schema\/logo\/image\/\"}}]}<\/script>\n<!-- \/ Yoast SEO plugin. -->","yoast_head_json":{"title":"SALES MANAGER - Technical Components (m\/f\/d) en Anr\u00f6chte cerca de Lippstadt - brandgroup","robots":{"index":"index","follow":"follow","max-snippet":"max-snippet:-1","max-image-preview":"max-image-preview:large","max-video-preview":"max-video-preview:-1"},"canonical":"https:\/\/karriere.brand-group.com\/es\/anuncios-de-empleo\/jefe-de-ventas-componentes-tecnicos-m-f-d-en-anroechte-cerca-de-lippstadt\/","og_locale":"es_ES","og_type":"article","og_title":"SALES MANAGER \u2013 Technical Components (m\/w\/d) in Anr\u00f6chte bei Lippstadt - brandgroup","og_description":"Die brandgroup ist ein mittelst\u00e4ndisches, international expandierendes Familienunternehmen. Wir sind Spezialist f\u00fcr die Entwicklung und Herstellung von technischen Federn und Drahtbiegeteilen. Einen wichtigen Beitrag leisten unsere Federn in der Automobilzulieferindustrie, der Torindustrie, der Wei\u00dfger\u00e4teindustrie, sowie in der Bahn- und der &hellip; SALES MANAGER \u2013 Technical Components (m\/w\/d) in Anr\u00f6chte bei Lippstadt Leer m\u00e1s \u00bb","og_url":"https:\/\/karriere.brand-group.com\/es\/anuncios-de-empleo\/jefe-de-ventas-componentes-tecnicos-m-f-d-en-anroechte-cerca-de-lippstadt\/","og_site_name":"brandgroup","article_modified_time":"2026-04-27T09:37:58+00:00","twitter_card":"summary_large_image","twitter_misc":{"Tiempo de lectura":"2 minutos"},"schema":{"@context":"https:\/\/schema.org","@graph":[{"@type":"WebPage","@id":"https:\/\/karriere.brand-group.com\/jobs\/sales-manager-technical-components-m-w-d-in-anroechte-bei-lippstadt\/","url":"https:\/\/karriere.brand-group.com\/jobs\/sales-manager-technical-components-m-w-d-in-anroechte-bei-lippstadt\/","name":"SALES MANAGER - Technical Components (m\/f\/d) en Anr\u00f6chte cerca de Lippstadt - brandgroup","isPartOf":{"@id":"https:\/\/karriere.brand-group.com\/#website"},"datePublished":"2026-04-27T09:37:56+00:00","dateModified":"2026-04-27T09:37:58+00:00","breadcrumb":{"@id":"https:\/\/karriere.brand-group.com\/jobs\/sales-manager-technical-components-m-w-d-in-anroechte-bei-lippstadt\/#breadcrumb"},"inLanguage":"es","potentialAction":[{"@type":"ReadAction","target":["https:\/\/karriere.brand-group.com\/jobs\/sales-manager-technical-components-m-w-d-in-anroechte-bei-lippstadt\/"]}]},{"@type":"BreadcrumbList","@id":"https:\/\/karriere.brand-group.com\/jobs\/sales-manager-technical-components-m-w-d-in-anroechte-bei-lippstadt\/#breadcrumb","itemListElement":[{"@type":"ListItem","position":1,"name":"Startseite","item":"https:\/\/karriere.brand-group.com\/"},{"@type":"ListItem","position":2,"name":"Jobs","item":"https:\/\/karriere.brand-group.com\/stellenanzeigen\/"},{"@type":"ListItem","position":3,"name":"SALES MANAGER \u2013 Technical Components (m\/w\/d) in Anr\u00f6chte bei Lippstadt"}]},{"@type":"WebSite","@id":"https:\/\/karriere.brand-group.com\/#website","url":"https:\/\/karriere.brand-group.com\/","name":"brandgroup","description":"","publisher":{"@id":"https:\/\/karriere.brand-group.com\/#organization"},"potentialAction":[{"@type":"SearchAction","target":{"@type":"EntryPoint","urlTemplate":"https:\/\/karriere.brand-group.com\/?s={search_term_string}"},"query-input":{"@type":"PropertyValueSpecification","valueRequired":true,"valueName":"search_term_string"}}],"inLanguage":"es"},{"@type":"Organization","@id":"https:\/\/karriere.brand-group.com\/#organization","name":"brandgroup","url":"https:\/\/karriere.brand-group.com\/","logo":{"@type":"ImageObject","inLanguage":"es","@id":"https:\/\/karriere.brand-group.com\/#\/schema\/logo\/image\/","url":"https:\/\/karriere.brand-group.com\/wp-content\/uploads\/2020\/11\/bg_logo_whitegray_rgb.png","contentUrl":"https:\/\/karriere.brand-group.com\/wp-content\/uploads\/2020\/11\/bg_logo_whitegray_rgb.png","width":126,"height":32,"caption":"brandgroup"},"image":{"@id":"https:\/\/karriere.brand-group.com\/#\/schema\/logo\/image\/"}}]}},"_links":{"self":[{"href":"https:\/\/karriere.brand-group.com\/es\/wp-json\/wp\/v2\/jobs\/4353","targetHints":{"allow":["GET"]}}],"collection":[{"href":"https:\/\/karriere.brand-group.com\/es\/wp-json\/wp\/v2\/jobs"}],"about":[{"href":"https:\/\/karriere.brand-group.com\/es\/wp-json\/wp\/v2\/types\/jobs"}],"version-history":[{"count":2,"href":"https:\/\/karriere.brand-group.com\/es\/wp-json\/wp\/v2\/jobs\/4353\/revisions"}],"predecessor-version":[{"id":4355,"href":"https:\/\/karriere.brand-group.com\/es\/wp-json\/wp\/v2\/jobs\/4353\/revisions\/4355"}],"wp:attachment":[{"href":"https:\/\/karriere.brand-group.com\/es\/wp-json\/wp\/v2\/media?parent=4353"}],"wp:term":[{"taxonomy":"category","embeddable":true,"href":"https:\/\/karriere.brand-group.com\/es\/wp-json\/wp\/v2\/categories?post=4353"},{"taxonomy":"standort","embeddable":true,"href":"https:\/\/karriere.brand-group.com\/es\/wp-json\/wp\/v2\/standort?post=4353"}],"curies":[{"name":"wp","href":"https:\/\/api.w.org\/{rel}","templated":true}]}}