{"id":371,"date":"2020-11-04T08:19:04","date_gmt":"2020-11-04T08:19:04","guid":{"rendered":"https:\/\/karriere.brand-group.com\/?page_id=371"},"modified":"2025-05-22T11:57:54","modified_gmt":"2025-05-22T09:57:54","slug":"formacion-continua","status":"publish","type":"page","link":"https:\/\/karriere.brand-group.com\/es\/formacion-continua\/","title":{"rendered":"Formaci\u00f3n continua"},"content":{"rendered":"<div data-elementor-type=\"wp-page\" data-elementor-id=\"371\" class=\"elementor elementor-371\" data-elementor-post-type=\"page\">\n\t\t\t\t\t\t<section class=\"elementor-section elementor-top-section elementor-element elementor-element-e2e2775 elementor-section-full_width elementor-section-height-default elementor-section-height-default\" data-id=\"e2e2775\" data-element_type=\"section\">\n\t\t\t\t\t\t<div class=\"elementor-container elementor-column-gap-default\">\n\t\t\t\t\t<div class=\"elementor-column elementor-col-100 elementor-top-column elementor-element elementor-element-42b546e\" data-id=\"42b546e\" data-element_type=\"column\">\n\t\t\t<div class=\"elementor-widget-wrap elementor-element-populated\">\n\t\t\t\t\t\t<div class=\"elementor-element elementor-element-2c6aa9d elementor-widget elementor-widget-image\" data-id=\"2c6aa9d\" data-element_type=\"widget\" data-widget_type=\"image.default\">\n\t\t\t\t<div class=\"elementor-widget-container\">\n\t\t\t\t\t\t\t\t\t\t\t\t\t\t\t<img decoding=\"async\" src=\"https:\/\/karriere.brand-group.com\/wp-content\/uploads\/2021\/02\/BGK_Header.png\" title=\"BGK_Header\" alt=\"BGK_Header\" loading=\"lazy\" \/>\t\t\t\t\t\t\t\t\t\t\t\t\t\t\t<\/div>\n\t\t\t\t<\/div>\n\t\t\t\t\t<\/div>\n\t\t<\/div>\n\t\t\t\t\t<\/div>\n\t\t<\/section>\n\t\t\t\t<section class=\"elementor-section elementor-top-section elementor-element elementor-element-9660a78 elementor-section-boxed elementor-section-height-default elementor-section-height-default\" data-id=\"9660a78\" data-element_type=\"section\">\n\t\t\t\t\t\t<div class=\"elementor-container elementor-column-gap-default\">\n\t\t\t\t\t<div class=\"elementor-column elementor-col-100 elementor-top-column elementor-element elementor-element-f0c31dc\" data-id=\"f0c31dc\" data-element_type=\"column\">\n\t\t\t<div class=\"elementor-widget-wrap elementor-element-populated\">\n\t\t\t\t\t\t<div class=\"elementor-element elementor-element-dca6987 elementor-widget elementor-widget-heading\" data-id=\"dca6987\" data-element_type=\"widget\" data-widget_type=\"heading.default\">\n\t\t\t\t<div class=\"elementor-widget-container\">\n\t\t\t\t\t<h1 class=\"elementor-heading-title elementor-size-default\">Formaci\u00f3n y perfeccionamiento en brandgroup<\/h1>\t\t\t\t<\/div>\n\t\t\t\t<\/div>\n\t\t\t\t<div class=\"elementor-element elementor-element-d0f4a51 elementor-hidden-phone elementor-widget elementor-widget-spacer\" data-id=\"d0f4a51\" data-element_type=\"widget\" data-widget_type=\"spacer.default\">\n\t\t\t\t<div class=\"elementor-widget-container\">\n\t\t\t\t\t\t\t<div class=\"elementor-spacer\">\n\t\t\t<div class=\"elementor-spacer-inner\"><\/div>\n\t\t<\/div>\n\t\t\t\t\t\t<\/div>\n\t\t\t\t<\/div>\n\t\t\t\t\t<\/div>\n\t\t<\/div>\n\t\t\t\t\t<\/div>\n\t\t<\/section>\n\t\t\t\t<section class=\"elementor-section elementor-top-section elementor-element elementor-element-bd1c5dd elementor-section-boxed elementor-section-height-default elementor-section-height-default\" data-id=\"bd1c5dd\" data-element_type=\"section\" data-settings=\"{&quot;background_background&quot;:&quot;classic&quot;}\">\n\t\t\t\t\t\t<div class=\"elementor-container elementor-column-gap-default\">\n\t\t\t\t\t<div class=\"elementor-column elementor-col-50 elementor-top-column elementor-element elementor-element-ca40de9\" data-id=\"ca40de9\" data-element_type=\"column\">\n\t\t\t<div class=\"elementor-widget-wrap elementor-element-populated\">\n\t\t\t\t\t\t<div class=\"elementor-element elementor-element-f078129 elementor-widget elementor-widget-heading\" data-id=\"f078129\" data-element_type=\"widget\" data-widget_type=\"heading.default\">\n\t\t\t\t<div class=\"elementor-widget-container\">\n\t\t\t\t\t<h2 class=\"elementor-heading-title elementor-size-default translation-block\">Medidas de formaci\u00f3n interna para el personal t\u00e9cnico<\/h2>\t\t\t\t<\/div>\n\t\t\t\t<\/div>\n\t\t\t\t<div class=\"elementor-element elementor-element-a367434 elementor-widget elementor-widget-text-editor\" data-id=\"a367434\" data-element_type=\"widget\" data-widget_type=\"text-editor.default\">\n\t\t\t\t<div class=\"elementor-widget-container\">\n\t\t\t\t\t\t\t\t\t<p>Para nuestros empleados de producci\u00f3n en particular, los programas de formaci\u00f3n interna suelen ser el primer paso hacia la formaci\u00f3n continua. Se centran en las instrucciones sobre sistemas y m\u00e1quinas, que se complementan con contenidos te\u00f3ricos.<\/p>\t\t\t\t\t\t\t\t<\/div>\n\t\t\t\t<\/div>\n\t\t\t\t\t<\/div>\n\t\t<\/div>\n\t\t\t\t<div class=\"elementor-column elementor-col-50 elementor-top-column elementor-element elementor-element-1745ea8\" data-id=\"1745ea8\" data-element_type=\"column\">\n\t\t\t<div class=\"elementor-widget-wrap elementor-element-populated\">\n\t\t\t\t\t\t<div class=\"elementor-element elementor-element-42d3a1d elementor-hidden-phone elementor-widget elementor-widget-spacer\" data-id=\"42d3a1d\" data-element_type=\"widget\" data-widget_type=\"spacer.default\">\n\t\t\t\t<div class=\"elementor-widget-container\">\n\t\t\t\t\t\t\t<div class=\"elementor-spacer\">\n\t\t\t<div class=\"elementor-spacer-inner\"><\/div>\n\t\t<\/div>\n\t\t\t\t\t\t<\/div>\n\t\t\t\t<\/div>\n\t\t\t\t<div class=\"elementor-element elementor-element-a48abb7 elementor-widget elementor-widget-heading\" data-id=\"a48abb7\" data-element_type=\"widget\" data-widget_type=\"heading.default\">\n\t\t\t\t<div class=\"elementor-widget-container\">\n\t\t\t\t\t<h2 class=\"elementor-heading-title elementor-size-default\">M\u00e1s competencias para las perspectivas profesionales<\/h2>\t\t\t\t<\/div>\n\t\t\t\t<\/div>\n\t\t\t\t<div class=\"elementor-element elementor-element-8771449 elementor-widget elementor-widget-text-editor\" data-id=\"8771449\" data-element_type=\"widget\" data-widget_type=\"text-editor.default\">\n\t\t\t\t<div class=\"elementor-widget-container\">\n\t\t\t\t\t\t\t\t\t<p>El desarrollo profesional y la carrera correspondiente son impensables sin la adquisici\u00f3n de nuevos conocimientos, competencias y experiencia. Esto se aplica a todas las \u00e1reas de trabajo y a todos los puestos. Por otra parte, las industrias modernas y sus m\u00e9todos de producci\u00f3n exigen sencillamente un aprendizaje permanente en el puesto de trabajo. Por ello, la formaci\u00f3n y el perfeccionamiento profesional en el grupo brand se dirigen a todos y cada uno de los empleados. Conseguir m\u00e1s juntos es el lema, e incluye conscientemente el beneficio personal de quienes reciben formaci\u00f3n continua.<\/p>\t\t\t\t\t\t\t\t<\/div>\n\t\t\t\t<\/div>\n\t\t\t\t\t<\/div>\n\t\t<\/div>\n\t\t\t\t\t<\/div>\n\t\t<\/section>\n\t\t\t\t<section class=\"elementor-section elementor-top-section elementor-element elementor-element-f32f4a7 elementor-section-boxed elementor-section-height-default elementor-section-height-default\" data-id=\"f32f4a7\" data-element_type=\"section\">\n\t\t\t\t\t\t<div class=\"elementor-container elementor-column-gap-default\">\n\t\t\t\t\t<div class=\"elementor-column elementor-col-50 elementor-top-column elementor-element elementor-element-22d67bc\" data-id=\"22d67bc\" data-element_type=\"column\">\n\t\t\t<div class=\"elementor-widget-wrap elementor-element-populated\">\n\t\t\t\t\t\t<div class=\"elementor-element elementor-element-2432b7d elementor-widget elementor-widget-spacer\" data-id=\"2432b7d\" data-element_type=\"widget\" data-widget_type=\"spacer.default\">\n\t\t\t\t<div class=\"elementor-widget-container\">\n\t\t\t\t\t\t\t<div class=\"elementor-spacer\">\n\t\t\t<div class=\"elementor-spacer-inner\"><\/div>\n\t\t<\/div>\n\t\t\t\t\t\t<\/div>\n\t\t\t\t<\/div>\n\t\t\t\t<div class=\"elementor-element elementor-element-8c236e2 elementor-widget elementor-widget-heading\" data-id=\"8c236e2\" data-element_type=\"widget\" data-widget_type=\"heading.default\">\n\t\t\t\t<div class=\"elementor-widget-container\">\n\t\t\t\t\t<h2 class=\"elementor-heading-title elementor-size-default translation-block\">Cualificaci\u00f3n con titulaci\u00f3n: t\u00e9cnico con certificaci\u00f3n estatal y capataz industrial.<\/h2>\t\t\t\t<\/div>\n\t\t\t\t<\/div>\n\t\t\t\t<div class=\"elementor-element elementor-element-e354b8d elementor-widget elementor-widget-text-editor\" data-id=\"e354b8d\" data-element_type=\"widget\" data-widget_type=\"text-editor.default\">\n\t\t\t\t<div class=\"elementor-widget-container\">\n\t\t\t\t\t\t\t\t\t<p>brandgroup tambi\u00e9n apoya a los empleados de producci\u00f3n con formaci\u00f3n continua formal. En cooperaci\u00f3n con proveedores de formaci\u00f3n externos de la regi\u00f3n, promovemos las siguientes cualificaciones.<\/p><p class=\"translation-block\"><strong><span style=\"color: #003c5c\">T\u00e9cnico con titulaci\u00f3n estatal<\/span><\/strong><br>Duraci\u00f3n de la formaci\u00f3n: 2 a\u00f1os a tiempo completo\/ 4 a\u00f1os a tiempo parcial.<\/p><p class=\"translation-block\"><strong><span style=\"color: #003c5c\">Industriemeister<\/span><\/strong><br>Duraci\u00f3n de la formaci\u00f3n: 1 a\u00f1o a tiempo completo\/ 3 a\u00f1os a tiempo parcial.<\/p>\t\t\t\t\t\t\t\t<\/div>\n\t\t\t\t<\/div>\n\t\t\t\t<div class=\"elementor-element elementor-element-6ce1cd7 elementor-widget elementor-widget-spacer\" data-id=\"6ce1cd7\" data-element_type=\"widget\" data-widget_type=\"spacer.default\">\n\t\t\t\t<div class=\"elementor-widget-container\">\n\t\t\t\t\t\t\t<div class=\"elementor-spacer\">\n\t\t\t<div class=\"elementor-spacer-inner\"><\/div>\n\t\t<\/div>\n\t\t\t\t\t\t<\/div>\n\t\t\t\t<\/div>\n\t\t\t\t<div class=\"elementor-element elementor-element-cc012e5 elementor-widget elementor-widget-heading\" data-id=\"cc012e5\" data-element_type=\"widget\" data-widget_type=\"heading.default\">\n\t\t\t\t<div class=\"elementor-widget-container\">\n\t\t\t\t\t<h2 class=\"elementor-heading-title elementor-size-default translation-block\">Formaci\u00f3n a distancia con menci\u00f3n de honor:<br>Administraci\u00f3n de empresas e ingenier\u00eda industrial<\/h2>\t\t\t\t<\/div>\n\t\t\t\t<\/div>\n\t\t\t\t<div class=\"elementor-element elementor-element-fca2666 elementor-widget elementor-widget-text-editor\" data-id=\"fca2666\" data-element_type=\"widget\" data-widget_type=\"text-editor.default\">\n\t\t\t\t<div class=\"elementor-widget-container\">\n\t\t\t\t\t\t\t\t\t<p>Los empleados de brandgroup que deseen adquirir una cualificaci\u00f3n acad\u00e9mica a trav\u00e9s de la ense\u00f1anza a distancia tambi\u00e9n pueden contar con apoyo. Actualmente colaboramos con universidades de ciencias aplicadas de la regi\u00f3n para ofrecer cuatro programas de formaci\u00f3n a distancia.<\/p>\t\t\t\t\t\t\t\t<\/div>\n\t\t\t\t<\/div>\n\t\t\t\t\t<\/div>\n\t\t<\/div>\n\t\t\t\t<div class=\"elementor-column elementor-col-50 elementor-top-column elementor-element elementor-element-b76d68e\" data-id=\"b76d68e\" data-element_type=\"column\">\n\t\t\t<div class=\"elementor-widget-wrap elementor-element-populated\">\n\t\t\t\t\t\t<div class=\"elementor-element elementor-element-f659114 elementor-widget elementor-widget-spacer\" data-id=\"f659114\" data-element_type=\"widget\" data-widget_type=\"spacer.default\">\n\t\t\t\t<div class=\"elementor-widget-container\">\n\t\t\t\t\t\t\t<div class=\"elementor-spacer\">\n\t\t\t<div class=\"elementor-spacer-inner\"><\/div>\n\t\t<\/div>\n\t\t\t\t\t\t<\/div>\n\t\t\t\t<\/div>\n\t\t<div class=\"elementor-element elementor-element-e9b1756 e-flex e-con-boxed e-con e-parent\" data-id=\"e9b1756\" data-element_type=\"container\">\n\t\t\t\t\t<div class=\"e-con-inner\">\n\t\t\t\t<div class=\"elementor-element elementor-element-36c27d7 elementor-widget elementor-widget-image\" data-id=\"36c27d7\" data-element_type=\"widget\" data-widget_type=\"image.default\">\n\t\t\t\t<div class=\"elementor-widget-container\">\n\t\t\t\t\t\t\t\t\t\t\t\t\t\t\t<img fetchpriority=\"high\" decoding=\"async\" width=\"780\" height=\"755\" src=\"https:\/\/karriere.brand-group.com\/wp-content\/uploads\/2021\/02\/web_06.png\" class=\"attachment-full size-full wp-image-1316\" alt=\"\" srcset=\"https:\/\/karriere.brand-group.com\/wp-content\/uploads\/2021\/02\/web_06.png 780w, https:\/\/karriere.brand-group.com\/wp-content\/uploads\/2021\/02\/web_06-300x290.png 300w, https:\/\/karriere.brand-group.com\/wp-content\/uploads\/2021\/02\/web_06-768x743.png 768w, https:\/\/karriere.brand-group.com\/wp-content\/uploads\/2021\/02\/web_06-100x97.png 100w, https:\/\/karriere.brand-group.com\/wp-content\/uploads\/2021\/02\/web_06-150x145.png 150w, https:\/\/karriere.brand-group.com\/wp-content\/uploads\/2021\/02\/web_06-200x194.png 200w, https:\/\/karriere.brand-group.com\/wp-content\/uploads\/2021\/02\/web_06-450x436.png 450w, https:\/\/karriere.brand-group.com\/wp-content\/uploads\/2021\/02\/web_06-600x581.png 600w\" sizes=\"(max-width: 780px) 100vw, 780px\" \/>\t\t\t\t\t\t\t\t\t\t\t\t\t\t\t<\/div>\n\t\t\t\t<\/div>\n\t\t\t\t<div class=\"elementor-element elementor-element-947c129 elementor-widget__width-auto elementor-absolute elementor-widget elementor-widget-heading\" data-id=\"947c129\" data-element_type=\"widget\" data-settings=\"{&quot;_position&quot;:&quot;absolute&quot;}\" data-widget_type=\"heading.default\">\n\t\t\t\t<div class=\"elementor-widget-container\">\n\t\t\t\t\t<p class=\"elementor-heading-title elementor-size-default\">Formaci\u00f3n y perfeccionamiento en brandgroup<\/p>\t\t\t\t<\/div>\n\t\t\t\t<\/div>\n\t\t\t\t\t<\/div>\n\t\t\t\t<\/div>\n\t\t\t\t\t<\/div>\n\t\t<\/div>\n\t\t\t\t\t<\/div>\n\t\t<\/section>\n\t\t\t\t<section class=\"elementor-section elementor-top-section elementor-element elementor-element-72918bb elementor-section-boxed elementor-section-height-default elementor-section-height-default\" data-id=\"72918bb\" data-element_type=\"section\">\n\t\t\t\t\t\t<div class=\"elementor-container elementor-column-gap-default\">\n\t\t\t\t\t<div class=\"elementor-column elementor-col-100 elementor-top-column elementor-element elementor-element-01f25b6\" data-id=\"01f25b6\" data-element_type=\"column\">\n\t\t\t<div class=\"elementor-widget-wrap elementor-element-populated\">\n\t\t\t\t\t\t<div class=\"elementor-element elementor-element-b96cec5 elementor-widget elementor-widget-spacer\" data-id=\"b96cec5\" data-element_type=\"widget\" data-widget_type=\"spacer.default\">\n\t\t\t\t<div class=\"elementor-widget-container\">\n\t\t\t\t\t\t\t<div class=\"elementor-spacer\">\n\t\t\t<div class=\"elementor-spacer-inner\"><\/div>\n\t\t<\/div>\n\t\t\t\t\t\t<\/div>\n\t\t\t\t<\/div>\n\t\t\t\t\t<\/div>\n\t\t<\/div>\n\t\t\t\t\t<\/div>\n\t\t<\/section>\n\t\t\t\t<section class=\"elementor-section elementor-top-section elementor-element elementor-element-6be5507 elementor-section-boxed elementor-section-height-default elementor-section-height-default\" data-id=\"6be5507\" data-element_type=\"section\">\n\t\t\t\t\t\t<div class=\"elementor-container elementor-column-gap-default\">\n\t\t\t\t\t<div class=\"elementor-column elementor-col-100 elementor-top-column elementor-element elementor-element-f0edc03\" data-id=\"f0edc03\" data-element_type=\"column\">\n\t\t\t<div class=\"elementor-widget-wrap elementor-element-populated\">\n\t\t\t\t\t\t<div class=\"elementor-element elementor-element-4ff3d00 elementor-widget elementor-widget-heading\" data-id=\"4ff3d00\" data-element_type=\"widget\" data-widget_type=\"heading.default\">\n\t\t\t\t<div class=\"elementor-widget-container\">\n\t\t\t\t\t<h2 class=\"elementor-heading-title elementor-size-default translation-block\">Adquirir experiencia internacional:<br>en Polonia, China o M\u00e9xico.<\/h2>\t\t\t\t<\/div>\n\t\t\t\t<\/div>\n\t\t\t\t\t<\/div>\n\t\t<\/div>\n\t\t\t\t\t<\/div>\n\t\t<\/section>\n\t\t\t\t<section class=\"elementor-section elementor-top-section elementor-element elementor-element-32ce7ea elementor-section-boxed elementor-section-height-default elementor-section-height-default\" data-id=\"32ce7ea\" data-element_type=\"section\">\n\t\t\t\t\t\t<div class=\"elementor-container elementor-column-gap-default\">\n\t\t\t\t\t<div class=\"elementor-column elementor-col-50 elementor-top-column elementor-element elementor-element-fcd2162\" data-id=\"fcd2162\" data-element_type=\"column\">\n\t\t\t<div class=\"elementor-widget-wrap elementor-element-populated\">\n\t\t\t\t\t\t<div class=\"elementor-element elementor-element-e3fe804 elementor-widget elementor-widget-text-editor\" data-id=\"e3fe804\" data-element_type=\"widget\" data-widget_type=\"text-editor.default\">\n\t\t\t\t<div class=\"elementor-widget-container translation-block\">brandgroup tiene \u00e9xito en tres continentes. El intercambio directo con <span style=\"color: #A2C617\">nuestras sedes internacionales<\/span> y socios brinda a nuestros empleados una oportunidad especial de adquirir experiencia internacional en gesti\u00f3n y producci\u00f3n. Actualmente existe un intercambio regular con:<\/div>\n\t\t\t\t<\/div>\n\t\t\t\t\t<\/div>\n\t\t<\/div>\n\t\t\t\t<div class=\"elementor-column elementor-col-50 elementor-top-column elementor-element elementor-element-7301842\" data-id=\"7301842\" data-element_type=\"column\">\n\t\t\t<div class=\"elementor-widget-wrap elementor-element-populated\">\n\t\t\t\t\t\t<div class=\"elementor-element elementor-element-54af0a7 elementor-widget elementor-widget-text-editor\" data-id=\"54af0a7\" data-element_type=\"widget\" data-widget_type=\"text-editor.default\">\n\t\t\t\t<div class=\"elementor-widget-container\">\n\t\t\t\t\t\t\t\t\t<ul class=\"list-normal\"><li>Marca Kern-Liebers Precision Parts, Taicang-City, China<\/li><li>Marca Kern-Liebers M\u00e9xico, El Marqu\u00e9s, M\u00e9xico<\/li><li>Brand Springs Poland sp. z o.o., Siemianowice Slaskie, Polonia<\/li><\/ul>\t\t\t\t\t\t\t\t<\/div>\n\t\t\t\t<\/div>\n\t\t\t\t\t<\/div>\n\t\t<\/div>\n\t\t\t\t\t<\/div>\n\t\t<\/section>\n\t\t\t\t<section class=\"elementor-section elementor-top-section elementor-element elementor-element-8271850 elementor-section-boxed elementor-section-height-default elementor-section-height-default\" data-id=\"8271850\" data-element_type=\"section\">\n\t\t\t\t\t\t<div class=\"elementor-container elementor-column-gap-default\">\n\t\t\t\t\t<div class=\"elementor-column elementor-col-100 elementor-top-column elementor-element elementor-element-f9fa487\" data-id=\"f9fa487\" data-element_type=\"column\">\n\t\t\t<div class=\"elementor-widget-wrap elementor-element-populated\">\n\t\t\t\t\t\t<div class=\"elementor-element elementor-element-011a50a elementor-widget elementor-widget-spacer\" data-id=\"011a50a\" data-element_type=\"widget\" data-widget_type=\"spacer.default\">\n\t\t\t\t<div class=\"elementor-widget-container\">\n\t\t\t\t\t\t\t<div class=\"elementor-spacer\">\n\t\t\t<div class=\"elementor-spacer-inner\"><\/div>\n\t\t<\/div>\n\t\t\t\t\t\t<\/div>\n\t\t\t\t<\/div>\n\t\t\t\t\t<\/div>\n\t\t<\/div>\n\t\t\t\t\t<\/div>\n\t\t<\/section>\n\t\t\t\t<\/div>","protected":false},"excerpt":{"rendered":"<p>Formaci\u00f3n y perfeccionamiento en el grupo de marcas Programas de formaci\u00f3n interna para personal t\u00e9cnico Los programas de formaci\u00f3n interna son a menudo el primer paso hacia la formaci\u00f3n y el perfeccionamiento, especialmente para nuestros empleados en producci\u00f3n. Se centran en las instrucciones sobre sistemas y m\u00e1quinas que ...<\/p>\n<p class=\"read-more\"> <a class=\"more-link\" href=\"https:\/\/karriere.brand-group.com\/es\/formacion-continua\/\"> <span class=\"screen-reader-text\">Formaci\u00f3n continua<\/span> Vaciar m\u00e1s \"<\/a><\/p>","protected":false},"author":6,"featured_media":0,"parent":0,"menu_order":0,"comment_status":"closed","ping_status":"closed","template":"elementor_header_footer","meta":{"footnotes":""},"class_list":["post-371","page","type-page","status-publish","hentry"],"yoast_head":"<!-- This site is optimized with the Yoast SEO plugin v26.5 - https:\/\/yoast.com\/wordpress\/plugins\/seo\/ -->\n<title>Fort- &amp; Weiterbildung: Alle Infos im \u00dcberblick | brandgroup<\/title>\n<meta name=\"description\" content=\"Fort- &amp; Weiterbildung bei der brandgroup \u25ba Berufliche Weiterentwicklung mit zertifizierten Fort- und Weiterbildungen \u2713 Jetzt informieren!\" \/>\n<meta name=\"robots\" content=\"index, follow, max-snippet:-1, max-image-preview:large, max-video-preview:-1\" \/>\n<link rel=\"canonical\" href=\"https:\/\/karriere.brand-group.com\/es\/formacion-continua\/\" \/>\n<meta property=\"og:locale\" content=\"es_ES\" \/>\n<meta property=\"og:type\" content=\"article\" \/>\n<meta property=\"og:title\" content=\"Fort- &amp; Weiterbildung: Alle Infos im \u00dcberblick | brandgroup\" \/>\n<meta property=\"og:description\" content=\"Fort- &amp; Weiterbildung bei der brandgroup \u25ba Berufliche Weiterentwicklung mit zertifizierten Fort- und Weiterbildungen \u2713 Jetzt informieren!\" \/>\n<meta property=\"og:url\" content=\"https:\/\/karriere.brand-group.com\/es\/formacion-continua\/\" \/>\n<meta property=\"og:site_name\" content=\"brandgroup\" \/>\n<meta property=\"article:modified_time\" content=\"2025-05-22T09:57:54+00:00\" \/>\n<meta property=\"og:image\" content=\"https:\/\/karriere.brand-group.com\/wp-content\/uploads\/2021\/02\/BGK_Header.png\" \/>\n<meta name=\"twitter:card\" content=\"summary_large_image\" \/>\n<meta name=\"twitter:label1\" content=\"Tiempo de lectura\" \/>\n\t<meta name=\"twitter:data1\" content=\"3 minutos\" \/>\n<script type=\"application\/ld+json\" class=\"yoast-schema-graph\">{\"@context\":\"https:\/\/schema.org\",\"@graph\":[{\"@type\":\"WebPage\",\"@id\":\"https:\/\/karriere.brand-group.com\/fort-und-weiterbildung\/\",\"url\":\"https:\/\/karriere.brand-group.com\/fort-und-weiterbildung\/\",\"name\":\"Fort- & Weiterbildung: Alle Infos im \u00dcberblick | brandgroup\",\"isPartOf\":{\"@id\":\"https:\/\/karriere.brand-group.com\/#website\"},\"primaryImageOfPage\":{\"@id\":\"https:\/\/karriere.brand-group.com\/fort-und-weiterbildung\/#primaryimage\"},\"image\":{\"@id\":\"https:\/\/karriere.brand-group.com\/fort-und-weiterbildung\/#primaryimage\"},\"thumbnailUrl\":\"https:\/\/karriere.brand-group.com\/wp-content\/uploads\/2021\/02\/BGK_Header.png\",\"datePublished\":\"2020-11-04T08:19:04+00:00\",\"dateModified\":\"2025-05-22T09:57:54+00:00\",\"description\":\"Fort- & Weiterbildung bei der brandgroup \u25ba Berufliche Weiterentwicklung mit zertifizierten Fort- und Weiterbildungen \u2713 Jetzt informieren!\",\"breadcrumb\":{\"@id\":\"https:\/\/karriere.brand-group.com\/fort-und-weiterbildung\/#breadcrumb\"},\"inLanguage\":\"es\",\"potentialAction\":[{\"@type\":\"ReadAction\",\"target\":[\"https:\/\/karriere.brand-group.com\/fort-und-weiterbildung\/\"]}]},{\"@type\":\"ImageObject\",\"inLanguage\":\"es\",\"@id\":\"https:\/\/karriere.brand-group.com\/fort-und-weiterbildung\/#primaryimage\",\"url\":\"https:\/\/karriere.brand-group.com\/wp-content\/uploads\/2021\/02\/BGK_Header.png\",\"contentUrl\":\"https:\/\/karriere.brand-group.com\/wp-content\/uploads\/2021\/02\/BGK_Header.png\"},{\"@type\":\"BreadcrumbList\",\"@id\":\"https:\/\/karriere.brand-group.com\/fort-und-weiterbildung\/#breadcrumb\",\"itemListElement\":[{\"@type\":\"ListItem\",\"position\":1,\"name\":\"Startseite\",\"item\":\"https:\/\/karriere.brand-group.com\/\"},{\"@type\":\"ListItem\",\"position\":2,\"name\":\"Fort- und Weiterbildung\"}]},{\"@type\":\"WebSite\",\"@id\":\"https:\/\/karriere.brand-group.com\/#website\",\"url\":\"https:\/\/karriere.brand-group.com\/\",\"name\":\"brandgroup\",\"description\":\"\",\"publisher\":{\"@id\":\"https:\/\/karriere.brand-group.com\/#organization\"},\"potentialAction\":[{\"@type\":\"SearchAction\",\"target\":{\"@type\":\"EntryPoint\",\"urlTemplate\":\"https:\/\/karriere.brand-group.com\/?s={search_term_string}\"},\"query-input\":{\"@type\":\"PropertyValueSpecification\",\"valueRequired\":true,\"valueName\":\"search_term_string\"}}],\"inLanguage\":\"es\"},{\"@type\":\"Organization\",\"@id\":\"https:\/\/karriere.brand-group.com\/#organization\",\"name\":\"brandgroup\",\"url\":\"https:\/\/karriere.brand-group.com\/\",\"logo\":{\"@type\":\"ImageObject\",\"inLanguage\":\"es\",\"@id\":\"https:\/\/karriere.brand-group.com\/#\/schema\/logo\/image\/\",\"url\":\"https:\/\/karriere.brand-group.com\/wp-content\/uploads\/2020\/11\/bg_logo_whitegray_rgb.png\",\"contentUrl\":\"https:\/\/karriere.brand-group.com\/wp-content\/uploads\/2020\/11\/bg_logo_whitegray_rgb.png\",\"width\":126,\"height\":32,\"caption\":\"brandgroup\"},\"image\":{\"@id\":\"https:\/\/karriere.brand-group.com\/#\/schema\/logo\/image\/\"}}]}<\/script>\n<!-- \/ Yoast SEO plugin. -->","yoast_head_json":{"title":"Formaci\u00f3n continua: Toda la informaci\u00f3n de un vistazo | brandgroup","description":"Formaci\u00f3n y perfeccionamiento en el grupo de marcas \u25ba Desarrollo profesional con formaci\u00f3n y perfeccionamiento certificados \u2713 \u00a1Inf\u00f3rmate ahora!","robots":{"index":"index","follow":"follow","max-snippet":"max-snippet:-1","max-image-preview":"max-image-preview:large","max-video-preview":"max-video-preview:-1"},"canonical":"https:\/\/karriere.brand-group.com\/es\/formacion-continua\/","og_locale":"es_ES","og_type":"article","og_title":"Fort- & Weiterbildung: Alle Infos im \u00dcberblick | brandgroup","og_description":"Fort- & Weiterbildung bei der brandgroup \u25ba Berufliche Weiterentwicklung mit zertifizierten Fort- und Weiterbildungen \u2713 Jetzt informieren!","og_url":"https:\/\/karriere.brand-group.com\/es\/formacion-continua\/","og_site_name":"brandgroup","article_modified_time":"2025-05-22T09:57:54+00:00","og_image":[{"url":"https:\/\/karriere.brand-group.com\/wp-content\/uploads\/2021\/02\/BGK_Header.png","type":"","width":"","height":""}],"twitter_card":"summary_large_image","twitter_misc":{"Tiempo de lectura":"3 minutos"},"schema":{"@context":"https:\/\/schema.org","@graph":[{"@type":"WebPage","@id":"https:\/\/karriere.brand-group.com\/fort-und-weiterbildung\/","url":"https:\/\/karriere.brand-group.com\/fort-und-weiterbildung\/","name":"Formaci\u00f3n continua: Toda la informaci\u00f3n de un vistazo | brandgroup","isPartOf":{"@id":"https:\/\/karriere.brand-group.com\/#website"},"primaryImageOfPage":{"@id":"https:\/\/karriere.brand-group.com\/fort-und-weiterbildung\/#primaryimage"},"image":{"@id":"https:\/\/karriere.brand-group.com\/fort-und-weiterbildung\/#primaryimage"},"thumbnailUrl":"https:\/\/karriere.brand-group.com\/wp-content\/uploads\/2021\/02\/BGK_Header.png","datePublished":"2020-11-04T08:19:04+00:00","dateModified":"2025-05-22T09:57:54+00:00","description":"Formaci\u00f3n y perfeccionamiento en el grupo de marcas \u25ba Desarrollo profesional con formaci\u00f3n y perfeccionamiento certificados \u2713 \u00a1Inf\u00f3rmate ahora!","breadcrumb":{"@id":"https:\/\/karriere.brand-group.com\/fort-und-weiterbildung\/#breadcrumb"},"inLanguage":"es","potentialAction":[{"@type":"ReadAction","target":["https:\/\/karriere.brand-group.com\/fort-und-weiterbildung\/"]}]},{"@type":"ImageObject","inLanguage":"es","@id":"https:\/\/karriere.brand-group.com\/fort-und-weiterbildung\/#primaryimage","url":"https:\/\/karriere.brand-group.com\/wp-content\/uploads\/2021\/02\/BGK_Header.png","contentUrl":"https:\/\/karriere.brand-group.com\/wp-content\/uploads\/2021\/02\/BGK_Header.png"},{"@type":"BreadcrumbList","@id":"https:\/\/karriere.brand-group.com\/fort-und-weiterbildung\/#breadcrumb","itemListElement":[{"@type":"ListItem","position":1,"name":"Startseite","item":"https:\/\/karriere.brand-group.com\/"},{"@type":"ListItem","position":2,"name":"Fort- und Weiterbildung"}]},{"@type":"WebSite","@id":"https:\/\/karriere.brand-group.com\/#website","url":"https:\/\/karriere.brand-group.com\/","name":"brandgroup","description":"","publisher":{"@id":"https:\/\/karriere.brand-group.com\/#organization"},"potentialAction":[{"@type":"SearchAction","target":{"@type":"EntryPoint","urlTemplate":"https:\/\/karriere.brand-group.com\/?s={search_term_string}"},"query-input":{"@type":"PropertyValueSpecification","valueRequired":true,"valueName":"search_term_string"}}],"inLanguage":"es"},{"@type":"Organization","@id":"https:\/\/karriere.brand-group.com\/#organization","name":"brandgroup","url":"https:\/\/karriere.brand-group.com\/","logo":{"@type":"ImageObject","inLanguage":"es","@id":"https:\/\/karriere.brand-group.com\/#\/schema\/logo\/image\/","url":"https:\/\/karriere.brand-group.com\/wp-content\/uploads\/2020\/11\/bg_logo_whitegray_rgb.png","contentUrl":"https:\/\/karriere.brand-group.com\/wp-content\/uploads\/2020\/11\/bg_logo_whitegray_rgb.png","width":126,"height":32,"caption":"brandgroup"},"image":{"@id":"https:\/\/karriere.brand-group.com\/#\/schema\/logo\/image\/"}}]}},"_links":{"self":[{"href":"https:\/\/karriere.brand-group.com\/es\/wp-json\/wp\/v2\/pages\/371","targetHints":{"allow":["GET"]}}],"collection":[{"href":"https:\/\/karriere.brand-group.com\/es\/wp-json\/wp\/v2\/pages"}],"about":[{"href":"https:\/\/karriere.brand-group.com\/es\/wp-json\/wp\/v2\/types\/page"}],"author":[{"embeddable":true,"href":"https:\/\/karriere.brand-group.com\/es\/wp-json\/wp\/v2\/users\/6"}],"replies":[{"embeddable":true,"href":"https:\/\/karriere.brand-group.com\/es\/wp-json\/wp\/v2\/comments?post=371"}],"version-history":[{"count":80,"href":"https:\/\/karriere.brand-group.com\/es\/wp-json\/wp\/v2\/pages\/371\/revisions"}],"predecessor-version":[{"id":4141,"href":"https:\/\/karriere.brand-group.com\/es\/wp-json\/wp\/v2\/pages\/371\/revisions\/4141"}],"wp:attachment":[{"href":"https:\/\/karriere.brand-group.com\/es\/wp-json\/wp\/v2\/media?parent=371"}],"curies":[{"name":"wp","href":"https:\/\/api.w.org\/{rel}","templated":true}]}}